{"id":18813,"date":"2022-06-21T17:07:58","date_gmt":"2022-06-21T15:07:58","guid":{"rendered":"https:\/\/gozz4all.com\/?post_type=product&#038;p=18813"},"modified":"2022-07-01T11:58:26","modified_gmt":"2022-07-01T09:58:26","slug":"vast-hoeslaken-2-delig","status":"publish","type":"product","link":"https:\/\/gozz4all.com\/fr\/product\/vast-hoeslaken-2-delig\/","title":{"rendered":"Drap-housse fixe 2-pi\u00e8ces"},"content":{"rendered":"<p>Ce drap-housse fixe peut faire le tour complet du matelas.<\/p>\n<p>Ce drap-housse travaille pour la s\u00e9curit\u00e9 du patient.<\/p>\n<p><span style=\"font-size: 16px; font-style: normal; font-weight: 400;\">Ce site<\/span><span style=\"font-size: 16px; font-style: normal; font-weight: 400;\"> emp\u00eache le retrait du drap-housse et l'automutilation\u00a0<\/span><\/p>\n<p><span style=\"font-size: 16px; font-style: normal; font-weight: 400;\">Un \u00e9quilibre id\u00e9al entre protection et \u00e9vitement des stimuli\u00a0<\/span><\/p>\n<p>Disponible en diff\u00e9rentes tailles et en 2 pi\u00e8ces.<\/p>\n<p>Le dessus est \u00e9galement disponible s\u00e9par\u00e9ment.<\/p>\n<p>Disponible en diff\u00e9rentes tailles.<\/p>\n<p><strong><span style=\"font-size: 16px; font-style: normal;\">Convient pour :\u00a0<\/span><\/strong><\/p>\n<ul>\n<li><span style=\"font-size: 16px; font-style: normal; font-weight: 400;\">o<\/span><span style=\"font-size: 16px; font-style: normal; font-weight: 400;\">dormeurs agit\u00e9s <\/span><\/li>\n<li>les personnes souffrant d'un handicap mental.<\/li>\n<li>les personnes atteintes de d\u00e9mence<\/li>\n<\/ul>\n<p><strong>Caract\u00e9ristiques g\u00e9n\u00e9rales<\/strong><\/p>\n<ul>\n<li>Il s'agit d'un drap-housse qui peut \u00eatre fix\u00e9 compl\u00e8tement autour du matelas.<\/li>\n<li>Le haut et le bas peuvent \u00eatre compl\u00e8tement s\u00e9par\u00e9s gr\u00e2ce \u00e0 une solide fermeture \u00e9clair \u00e0 l'arri\u00e8re.<\/li>\n<li>Le bas peut alors \u00e9ventuellement rester lorsque vous rafra\u00eechissez le haut.<\/li>\n<li>Pour les personnes qui enl\u00e8vent tout du lit pendant les nuits agit\u00e9es.<\/li>\n<\/ul>\n<p><strong>Caract\u00e9ristiques du produit<\/strong><\/p>\n<ul>\n<li>Dimensions : 90 cm par 200 cm<\/li>\n<li>Composition 95% coton et 5% \u00e9lasthanne<\/li>\n<li>Lavable \u00e0 60\u00b0C.<\/li>\n<\/ul>\n<p>&nbsp;<\/p>\n<p>&nbsp;<\/p>","protected":false},"excerpt":{"rendered":"<p>Ce drap-housse travaille pour la s\u00e9curit\u00e9 du patient.<\/p>\n<p><span style=\"font-size: 16px; font-style: normal; font-weight: 400;\">Ce site<\/span><span style=\"font-size: 16px; font-style: normal; font-weight: 400;\"> emp\u00eache le retrait du drap-housse et l'automutilation\u00a0<\/span><\/p>\n<p><span style=\"font-size: 16px; font-style: normal; font-weight: 400;\">Un \u00e9quilibre id\u00e9al entre protection et \u00e9vitement des stimuli\u00a0<\/span><\/p>\n<p>Disponible en diff\u00e9rentes tailles et en 2 pi\u00e8ces.<\/p>\n<p>Le dessus est \u00e9galement disponible s\u00e9par\u00e9ment.<\/p>\n<p><strong><span style=\"font-size: 16px; font-style: normal;\">Convient pour :\u00a0<\/span><\/strong><\/p>\n<ul>\n<li><span style=\"font-size: 16px; font-style: normal; font-weight: 400;\">o<\/span><span style=\"font-size: 16px; font-style: normal; font-weight: 400;\">dormeurs agit\u00e9s <\/span><\/li>\n<li>les personnes souffrant d'un handicap mental.<\/li>\n<li>les personnes atteintes de d\u00e9mence<\/li>\n<\/ul>\n<p><strong>Caract\u00e9ristiques g\u00e9n\u00e9rales<\/strong><\/p>\n<ul>\n<li>Il s'agit d'un drap-housse qui peut \u00eatre fix\u00e9 compl\u00e8tement autour du matelas.<\/li>\n<li>De boven en onderzijde kan volledig van elkaar dmv sterke rits aan de achterzijde<\/li>\n<li>Le bas peut alors \u00e9ventuellement rester lorsque vous rafra\u00eechissez le haut.<\/li>\n<li>Pour les personnes qui enl\u00e8vent tout du lit pendant les nuits agit\u00e9es.<\/li>\n<\/ul>\n<p><strong>Caract\u00e9ristiques du produit<\/strong><\/p>\n<ul>\n<li>Dimensions : 90 cm par 200 cm<\/li>\n<li>Composition 95% coton et 5% \u00e9lasthanne<\/li>\n<li>Lavable \u00e0 60\u00b0C.<\/li>\n<\/ul>","protected":false},"featured_media":18815,"template":"","meta":[],"product_brand":[],"product_cat":[613,611,612,445,254],"product_tag":[],"class_list":{"0":"post-18813","1":"product","2":"type-product","3":"status-publish","4":"has-post-thumbnail","6":"product_cat-volwassenen","7":"product_cat-kids","8":"product_cat-ouderen-dementie","9":"product_cat-new","10":"product_cat-hulpmiddelen","11":"pa_kleur-appelgroen-donkergroen","12":"pa_kleur-oker-choco","13":"pa_kleur-lila-mint","14":"pa_kleur-mint-donkergroen","15":"pa_kleur-lichtmint-donkermint","16":"pa_kleur-lichtmint-appelgroen","17":"pa_kleur-azuurblauw-lichtmint","18":"pa_kleur-azuurblauw-donkermint","19":"pa_kleur-brique-oker","20":"pa_kleur-felgroen-donkermint","22":"first","23":"instock","24":"taxable","25":"shipping-taxable","26":"purchasable","27":"product-type-variable"},"yoast_head":"<!-- This site is optimized with the Yoast SEO plugin v27.2 - https:\/\/yoast.com\/product\/yoast-seo-wordpress\/ -->\n<title>Vast hoeslaken 2-delig | Gozz4All<\/title>\n<meta name=\"description\" content=\"Voorkomt zelfverminking, kapot scheuren van matras overtrek\" \/>\n<meta name=\"robots\" content=\"index, follow, max-snippet:-1, max-image-preview:large, max-video-preview:-1\" \/>\n<link rel=\"canonical\" href=\"https:\/\/gozz4all.com\/fr\/hulpmiddelen\/vast-hoeslaken-2-delig\/\" \/>\n<meta property=\"og:locale\" content=\"fr_FR\" \/>\n<meta property=\"og:type\" content=\"article\" \/>\n<meta property=\"og:title\" content=\"Vast hoeslaken 2-delig | Gozz4All\" \/>\n<meta property=\"og:description\" content=\"Voorkomt zelfverminking, kapot scheuren van matras overtrek\" \/>\n<meta property=\"og:url\" content=\"https:\/\/gozz4all.com\/fr\/hulpmiddelen\/vast-hoeslaken-2-delig\/\" \/>\n<meta property=\"og:site_name\" content=\"Gozz4All\" \/>\n<meta property=\"article:publisher\" content=\"https:\/\/www.facebook.com\/gozz4all\/\" \/>\n<meta property=\"article:modified_time\" content=\"2022-07-01T09:58:26+00:00\" \/>\n<meta property=\"og:image\" content=\"https:\/\/gozz4all.com\/wp-content\/uploads\/2022\/06\/DSC_0788.jpg\" \/>\n\t<meta property=\"og:image:width\" content=\"800\" \/>\n\t<meta property=\"og:image:height\" content=\"1200\" \/>\n\t<meta property=\"og:image:type\" content=\"image\/jpeg\" \/>\n<meta name=\"twitter:card\" content=\"summary_large_image\" \/>\n<meta name=\"twitter:label1\" content=\"Dur\u00e9e de lecture estim\u00e9e\" \/>\n\t<meta name=\"twitter:data1\" content=\"1 minute\" \/>\n<script type=\"application\/ld+json\" class=\"yoast-schema-graph\">{\"@context\":\"https:\/\/schema.org\",\"@graph\":[{\"@type\":\"WebPage\",\"@id\":\"https:\/\/gozz4all.com\/hulpmiddelen\/vast-hoeslaken-2-delig\/\",\"url\":\"https:\/\/gozz4all.com\/hulpmiddelen\/vast-hoeslaken-2-delig\/\",\"name\":\"Vast hoeslaken 2-delig | Gozz4All\",\"isPartOf\":{\"@id\":\"https:\/\/gozz4all.com\/fr\/#website\"},\"primaryImageOfPage\":{\"@id\":\"https:\/\/gozz4all.com\/hulpmiddelen\/vast-hoeslaken-2-delig\/#primaryimage\"},\"image\":{\"@id\":\"https:\/\/gozz4all.com\/hulpmiddelen\/vast-hoeslaken-2-delig\/#primaryimage\"},\"thumbnailUrl\":\"https:\/\/gozz4all.com\/wp-content\/uploads\/2022\/06\/DSC_0788.jpg\",\"datePublished\":\"2022-06-21T15:07:58+00:00\",\"dateModified\":\"2022-07-01T09:58:26+00:00\",\"description\":\"Voorkomt zelfverminking, kapot scheuren van matras overtrek\",\"breadcrumb\":{\"@id\":\"https:\/\/gozz4all.com\/hulpmiddelen\/vast-hoeslaken-2-delig\/#breadcrumb\"},\"inLanguage\":\"fr-FR\",\"potentialAction\":[{\"@type\":\"ReadAction\",\"target\":[\"https:\/\/gozz4all.com\/hulpmiddelen\/vast-hoeslaken-2-delig\/\"]}]},{\"@type\":\"ImageObject\",\"inLanguage\":\"fr-FR\",\"@id\":\"https:\/\/gozz4all.com\/hulpmiddelen\/vast-hoeslaken-2-delig\/#primaryimage\",\"url\":\"https:\/\/gozz4all.com\/wp-content\/uploads\/2022\/06\/DSC_0788.jpg\",\"contentUrl\":\"https:\/\/gozz4all.com\/wp-content\/uploads\/2022\/06\/DSC_0788.jpg\",\"width\":800,\"height\":1200},{\"@type\":\"BreadcrumbList\",\"@id\":\"https:\/\/gozz4all.com\/hulpmiddelen\/vast-hoeslaken-2-delig\/#breadcrumb\",\"itemListElement\":[{\"@type\":\"ListItem\",\"position\":1,\"name\":\"Home\",\"item\":\"https:\/\/gozz4all.com\/\"},{\"@type\":\"ListItem\",\"position\":2,\"name\":\"Producten\",\"item\":\"https:\/\/gozz4all.com\/shop\/\"},{\"@type\":\"ListItem\",\"position\":3,\"name\":\"Vast hoeslaken 2-delig\"}]},{\"@type\":\"WebSite\",\"@id\":\"https:\/\/gozz4all.com\/fr\/#website\",\"url\":\"https:\/\/gozz4all.com\/fr\/\",\"name\":\"Gozz4All\",\"description\":\"Gozz4All\",\"publisher\":{\"@id\":\"https:\/\/gozz4all.com\/fr\/#organization\"},\"potentialAction\":[{\"@type\":\"SearchAction\",\"target\":{\"@type\":\"EntryPoint\",\"urlTemplate\":\"https:\/\/gozz4all.com\/fr\/?s={search_term_string}\"},\"query-input\":{\"@type\":\"PropertyValueSpecification\",\"valueRequired\":true,\"valueName\":\"search_term_string\"}}],\"inLanguage\":\"fr-FR\"},{\"@type\":\"Organization\",\"@id\":\"https:\/\/gozz4all.com\/fr\/#organization\",\"name\":\"Gozz4all\",\"url\":\"https:\/\/gozz4all.com\/fr\/\",\"logo\":{\"@type\":\"ImageObject\",\"inLanguage\":\"fr-FR\",\"@id\":\"https:\/\/gozz4all.com\/fr\/#\/schema\/logo\/image\/\",\"url\":\"https:\/\/gozz4all.com\/wp-content\/uploads\/2020\/04\/Logo-ask-for-better-one.png\",\"contentUrl\":\"https:\/\/gozz4all.com\/wp-content\/uploads\/2020\/04\/Logo-ask-for-better-one.png\",\"width\":146,\"height\":60,\"caption\":\"Gozz4all\"},\"image\":{\"@id\":\"https:\/\/gozz4all.com\/fr\/#\/schema\/logo\/image\/\"},\"sameAs\":[\"https:\/\/www.facebook.com\/gozz4all\/\",\"https:\/\/www.instagram.com\/gozz4allfashion\/?hl=nl\"]}]}<\/script>\n<!-- \/ Yoast SEO plugin. -->","yoast_head_json":{"title":"Vast hoeslaken 2-delig | Gozz4All","description":"Voorkomt zelfverminking, kapot scheuren van matras overtrek","robots":{"index":"index","follow":"follow","max-snippet":"max-snippet:-1","max-image-preview":"max-image-preview:large","max-video-preview":"max-video-preview:-1"},"canonical":"https:\/\/gozz4all.com\/fr\/hulpmiddelen\/vast-hoeslaken-2-delig\/","og_locale":"fr_FR","og_type":"article","og_title":"Vast hoeslaken 2-delig | Gozz4All","og_description":"Voorkomt zelfverminking, kapot scheuren van matras overtrek","og_url":"https:\/\/gozz4all.com\/fr\/hulpmiddelen\/vast-hoeslaken-2-delig\/","og_site_name":"Gozz4All","article_publisher":"https:\/\/www.facebook.com\/gozz4all\/","article_modified_time":"2022-07-01T09:58:26+00:00","og_image":[{"width":800,"height":1200,"url":"https:\/\/gozz4all.com\/wp-content\/uploads\/2022\/06\/DSC_0788.jpg","type":"image\/jpeg"}],"twitter_card":"summary_large_image","twitter_misc":{"Dur\u00e9e de lecture estim\u00e9e":"1 minute"},"schema":{"@context":"https:\/\/schema.org","@graph":[{"@type":"WebPage","@id":"https:\/\/gozz4all.com\/hulpmiddelen\/vast-hoeslaken-2-delig\/","url":"https:\/\/gozz4all.com\/hulpmiddelen\/vast-hoeslaken-2-delig\/","name":"Vast hoeslaken 2-delig | Gozz4All","isPartOf":{"@id":"https:\/\/gozz4all.com\/fr\/#website"},"primaryImageOfPage":{"@id":"https:\/\/gozz4all.com\/hulpmiddelen\/vast-hoeslaken-2-delig\/#primaryimage"},"image":{"@id":"https:\/\/gozz4all.com\/hulpmiddelen\/vast-hoeslaken-2-delig\/#primaryimage"},"thumbnailUrl":"https:\/\/gozz4all.com\/wp-content\/uploads\/2022\/06\/DSC_0788.jpg","datePublished":"2022-06-21T15:07:58+00:00","dateModified":"2022-07-01T09:58:26+00:00","description":"Voorkomt zelfverminking, kapot scheuren van matras overtrek","breadcrumb":{"@id":"https:\/\/gozz4all.com\/hulpmiddelen\/vast-hoeslaken-2-delig\/#breadcrumb"},"inLanguage":"fr-FR","potentialAction":[{"@type":"ReadAction","target":["https:\/\/gozz4all.com\/hulpmiddelen\/vast-hoeslaken-2-delig\/"]}]},{"@type":"ImageObject","inLanguage":"fr-FR","@id":"https:\/\/gozz4all.com\/hulpmiddelen\/vast-hoeslaken-2-delig\/#primaryimage","url":"https:\/\/gozz4all.com\/wp-content\/uploads\/2022\/06\/DSC_0788.jpg","contentUrl":"https:\/\/gozz4all.com\/wp-content\/uploads\/2022\/06\/DSC_0788.jpg","width":800,"height":1200},{"@type":"BreadcrumbList","@id":"https:\/\/gozz4all.com\/hulpmiddelen\/vast-hoeslaken-2-delig\/#breadcrumb","itemListElement":[{"@type":"ListItem","position":1,"name":"Home","item":"https:\/\/gozz4all.com\/"},{"@type":"ListItem","position":2,"name":"Producten","item":"https:\/\/gozz4all.com\/shop\/"},{"@type":"ListItem","position":3,"name":"Vast hoeslaken 2-delig"}]},{"@type":"WebSite","@id":"https:\/\/gozz4all.com\/fr\/#website","url":"https:\/\/gozz4all.com\/fr\/","name":"Gozz4All","description":"Gozz4All","publisher":{"@id":"https:\/\/gozz4all.com\/fr\/#organization"},"potentialAction":[{"@type":"SearchAction","target":{"@type":"EntryPoint","urlTemplate":"https:\/\/gozz4all.com\/fr\/?s={search_term_string}"},"query-input":{"@type":"PropertyValueSpecification","valueRequired":true,"valueName":"search_term_string"}}],"inLanguage":"fr-FR"},{"@type":"Organization","@id":"https:\/\/gozz4all.com\/fr\/#organization","name":"Gozz4all","url":"https:\/\/gozz4all.com\/fr\/","logo":{"@type":"ImageObject","inLanguage":"fr-FR","@id":"https:\/\/gozz4all.com\/fr\/#\/schema\/logo\/image\/","url":"https:\/\/gozz4all.com\/wp-content\/uploads\/2020\/04\/Logo-ask-for-better-one.png","contentUrl":"https:\/\/gozz4all.com\/wp-content\/uploads\/2020\/04\/Logo-ask-for-better-one.png","width":146,"height":60,"caption":"Gozz4all"},"image":{"@id":"https:\/\/gozz4all.com\/fr\/#\/schema\/logo\/image\/"},"sameAs":["https:\/\/www.facebook.com\/gozz4all\/","https:\/\/www.instagram.com\/gozz4allfashion\/?hl=nl"]}]}},"_links":{"self":[{"href":"https:\/\/gozz4all.com\/fr\/wp-json\/wp\/v2\/product\/18813","targetHints":{"allow":["GET"]}}],"collection":[{"href":"https:\/\/gozz4all.com\/fr\/wp-json\/wp\/v2\/product"}],"about":[{"href":"https:\/\/gozz4all.com\/fr\/wp-json\/wp\/v2\/types\/product"}],"wp:featuredmedia":[{"embeddable":true,"href":"https:\/\/gozz4all.com\/fr\/wp-json\/wp\/v2\/media\/18815"}],"wp:attachment":[{"href":"https:\/\/gozz4all.com\/fr\/wp-json\/wp\/v2\/media?parent=18813"}],"wp:term":[{"taxonomy":"product_brand","embeddable":true,"href":"https:\/\/gozz4all.com\/fr\/wp-json\/wp\/v2\/product_brand?post=18813"},{"taxonomy":"product_cat","embeddable":true,"href":"https:\/\/gozz4all.com\/fr\/wp-json\/wp\/v2\/product_cat?post=18813"},{"taxonomy":"product_tag","embeddable":true,"href":"https:\/\/gozz4all.com\/fr\/wp-json\/wp\/v2\/product_tag?post=18813"}],"curies":[{"name":"wp","href":"https:\/\/api.w.org\/{rel}","templated":true}]}}